{"id":1219,"date":"2017-08-23T08:20:33","date_gmt":"2017-08-23T08:20:33","guid":{"rendered":"https:\/\/www.casadelascuatrotorres.com\/historia-de-la-casa-de-las-cuatro-torres\/"},"modified":"2018-06-18T14:55:15","modified_gmt":"2018-06-18T13:55:15","slug":"histoire-de-la-casa-de-las-cuatro-torres","status":"publish","type":"page","link":"https:\/\/www.casadelascuatrotorres.com\/fr\/histoire-de-la-casa-de-las-cuatro-torres\/","title":{"rendered":"Histoire de la Casa de las Cuatro Torres"},"content":{"rendered":"<div class=\"wpb-content-wrapper\"><p>[vc_row css_animation=\u00a0\u00bb\u00a0\u00bb row_type=\u00a0\u00bbrow\u00a0\u00bb use_row_as_full_screen_section=\u00a0\u00bbno\u00a0\u00bb type=\u00a0\u00bbfull_width\u00a0\u00bb angled_section=\u00a0\u00bbno\u00a0\u00bb text_align=\u00a0\u00bbcenter\u00a0\u00bb background_image_as_pattern=\u00a0\u00bbwithout_pattern\u00a0\u00bb css=\u00a0\u00bb.vc_custom_1526744245159{padding-top: 16% !important;padding-bottom: 16% !important;background-image: url(https:\/\/www.casadelascuatrotorres.com\/wp-content\/uploads\/2018\/05\/historia-hotel-de-las-cuatro-torres-cadiz-destacada.jpg?id=930) !important;}\u00a0\u00bb z_index=\u00a0\u00bb\u00a0\u00bb][vc_column][vc_column_text]<\/p>\n<h1 style=\"text-align: center;\"><span style=\"color: #ffffff;\">La Casa de las Cuatro Torres<\/span><\/h1>\n<p>[\/vc_column_text][\/vc_column][\/vc_row][vc_row css_animation=\u00a0\u00bb\u00a0\u00bb row_type=\u00a0\u00bbrow\u00a0\u00bb use_row_as_full_screen_section=\u00a0\u00bbno\u00a0\u00bb type=\u00a0\u00bbgrid\u00a0\u00bb angled_section=\u00a0\u00bbno\u00a0\u00bb text_align=\u00a0\u00bbleft\u00a0\u00bb background_image_as_pattern=\u00a0\u00bbwithout_pattern\u00a0\u00bb css=\u00a0\u00bb.vc_custom_1526743006822{padding-top: 70px !important;}\u00a0\u00bb z_index=\u00a0\u00bb\u00a0\u00bb][vc_column width=\u00a0\u00bb1\/6&Prime;][\/vc_column][vc_column width=\u00a0\u00bb2\/3&Prime;][vc_column_text]<\/p>\n<h2><strong>La Maison des Quatre Tours<br \/>\n<\/strong><\/h2>\n<p>&nbsp;<\/p>\n<p>La Maison des Quatre Tours, construite entre 1736 et 1745 et class\u00e9e comme<strong> Bien d\u2019Int\u00e9r\u00eat Culturel (BIC)<\/strong>, est peut-\u00eatre le meilleur exemple des Maisons des Chargeurs Indiens auquel nous avons d\u00e9j\u00e0 fait r\u00e9f\u00e9rence. C\u2019est un b\u00e2timent de style n\u00e9oclassique de Cadiz, h\u00e9t\u00e9rodoxe, du propre style particulier de Cadix, o\u00f9 la simplicit\u00e9, la sym\u00e9trie et les \u00e9l\u00e9ments d\u00e9coratifs se compl\u00e8tent avec l\u2019utilisation opportune de la d\u00e9coration Baroque, si fr\u00e9quente en Andalousie.<\/p>\n<p>&nbsp;<\/p>\n<p>La maison est surmont\u00e9e par les tours d\u2019observation de Cadix dans ses quatre coins et se caract\u00e9rise par la d\u00e9coration en ocre peinte et l\u2019incorporation d\u2019\u00e9l\u00e9ments architecturaux\u00a0nettement de Cadix: vo\u00fbtes, coupoles, lucarnes, merlatures, citerne&#8230; Comme \u00e0 la date de construction du b\u00e2timent, les ordonnances urbaines interdisaient que les maisons aient plus d\u2019une tour de guet, le propri\u00e9taire avait construit quatre maisons ind\u00e9pendantes dans le m\u00eame \u00e9difice.<\/p>\n<p>&nbsp;<\/p>\n<p>Sa position tout pr\u00e8s du port et de la douane (le b\u00e2timent actuel du Conseil G\u00e9n\u00e9ral) \u00e9tait enviable pour conclure des ententes ou de collecter des marchandises. La majestuosit\u00e9 de ses tours contraste avec la sobri\u00e9t\u00e9 de ses fa\u00e7ades. Tandis que les somptueuses tours indiquaient la position sociale et la richesse du propri\u00e9taire, l\u2019aust\u00e8re int\u00e9rieur donnaient toutes les fonctionnalit\u00e9s et le s\u00e9rieux \u00e0 l\u2019espace comme lieu d\u2019affaires. Il semble vraiment que Fragela construit la Maison des Quatre Tours comme le si\u00e8ge de sa soci\u00e9t\u00e9, en anticipant avec cela depuis plusieurs si\u00e8cles les pratiques commerciales d\u2019aujourd&rsquo;hui.<\/p>\n<p>&nbsp;<\/p>\n<p>C\u2019\u00e9tait une maison \u00e0 vivre, dans laquelle plusieurs chambres \u00e9taient lou\u00e9es longtemps \u00e0 des personnes qui attendaient dans la ville la sortie de leurs bateaux vers l\u2019Am\u00e9rique (une utilisation \u00abh\u00f4teli\u00e8re\u00bb qui se r\u00e9cup\u00e8re maintenant apr\u00e8s la restauration), mais c\u2019\u00e9tait aussi une maison pour travailler, conclure des accords commerciaux ou stocker des fournitures.<\/p>\n<p>&nbsp;<\/p>\n<p>Tous les b\u00e2timents de la zone environnante regorgeaient d\u2019influences des deux c\u00f4t\u00e9s de l\u2019Atlantique. C\u2019est le fruit d\u2019une architecture d\u2019une extraordinaire atmosph\u00e8re cosmopolite. Par l\u2019unicit\u00e9, la taille du b\u00e2timent, l\u2019importance historique du b\u00e2timent et de son propri\u00e9taire, l\u2019\u00e9tat de conservation et la diversit\u00e9 des \u00e9l\u00e9ments conserv\u00e9s, la Maison des Quatre Tours est un monument unique et authentique du patrimoine culturel de l\u2019Andalousie et une \u00e9tape importante de la ville de Cadix.<\/p>\n<p>&nbsp;<\/p>\n<p>La vue spectaculaire qui se contemple depuis ses tours, surtout depuis celle de l\u2019h\u00f4tel, unique en ce qu\u2019elle poss\u00e8de des yeux (des petites fen\u00eatres) dans le d\u00f4me de la sentinelle, sugg\u00e8re qu\u2019elle a \u00e9t\u00e9 le point de vue privil\u00e9gi\u00e9 \u00e0 partir de laquelle il a \u00e9t\u00e9 envisag\u00e9 l\u2019\u00e9volution de l\u2019histoire et la relation intense de cette ville avec la mer.[\/vc_column_text][vc_empty_space][vc_column_text]<img loading=\"lazy\" decoding=\"async\" class=\"wp-image-688 size-full aligncenter\" src=\"https:\/\/www.casadelascuatrotorres.com\/wp-content\/uploads\/2018\/03\/hotel-casa-de-las-cuatro-torres-nuestra-historia-05.png\" alt=\"\" width=\"992\" height=\"283\" srcset=\"https:\/\/www.casadelascuatrotorres.com\/wp-content\/uploads\/2018\/03\/hotel-casa-de-las-cuatro-torres-nuestra-historia-05.png 992w, https:\/\/www.casadelascuatrotorres.com\/wp-content\/uploads\/2018\/03\/hotel-casa-de-las-cuatro-torres-nuestra-historia-05-300x86.png 300w, https:\/\/www.casadelascuatrotorres.com\/wp-content\/uploads\/2018\/03\/hotel-casa-de-las-cuatro-torres-nuestra-historia-05-768x219.png 768w, https:\/\/www.casadelascuatrotorres.com\/wp-content\/uploads\/2018\/03\/hotel-casa-de-las-cuatro-torres-nuestra-historia-05-700x200.png 700w\" sizes=\"auto, (max-width: 992px) 100vw, 992px\" \/>[\/vc_column_text][vc_empty_space][vc_column_text]\u00c0 partir des ann\u00e9es 60 du si\u00e8cle pass\u00e9, la maison commence \u00e0 souffrir de l\u2019abandon de leurs propri\u00e9taires, et malgr\u00e9 le fait qu\u2019en avril 1976, elle soit d\u00e9clar\u00e9e Bien d\u2019Int\u00e9r\u00eat Culturel, elle est abandonn\u00e9e et atteint un \u00e9tat lamentable de d\u00e9t\u00e9rioration, qui seulement se termine en 2015 quand se met en marche le projet de restauration int\u00e9gral dont vous voyez les r\u00e9sultats.<\/p>\n<p>&nbsp;<\/p>\n<p>Dans ce processus de restauration, la structure originale de la maison a \u00e9t\u00e9 prise en compte, dans lequel il y a eu peu d\u2019intervention. Toutes les nouvelles divisions des espaces ont \u00e9t\u00e9 ex\u00e9cut\u00e9 en cloison en pl\u00e2tre, pour qu\u2019elles puissent \u00eatre facilement reconnaissables.<\/p>\n<p>&nbsp;<\/p>\n<p>Sauf quelques unit\u00e9s, toutes les portes des toilettes et toutes les verri\u00e8res qu\u2019elles contiennent, ainsi que la r\u00e9ception, le bar de la caf\u00e9taria et beaucoup d\u2019autres d\u00e9tails ont \u00e9t\u00e9 fabriqu\u00e9s par des artisans charpentiers dans l\u2019\u0153uvre elle-m\u00eame, en utilisant des fen\u00eatres, portes et des bois qui \u00e9taient d\u00e9j\u00e0 dans la maison. Tout les bois ont \u00e9t\u00e9 trait\u00e9 avec de l\u2019huile de lin et des cires naturelles, les m\u00eames mat\u00e9riaux qui s\u2019utilisaient pour cela au XVIIIe si\u00e8cle.<\/p>\n<p>&nbsp;<\/p>\n<p>Les sols du hall d\u2019entr\u00e9e et de la cour sont en marbre italien provenant des carri\u00e8res de Carrare. Ils sont originaux du XVIIIe si\u00e8cle et ils ont \u00e9galement r\u00e9cup\u00e9r\u00e9 de l\u2019\u0153uvre elle-m\u00eame.<\/p>\n<p>&nbsp;<\/p>\n<p>Les mortiers des murs sont artisanaux, provenant de la cha\u00eene de montagnes de Moron, dans la province voisine de S\u00e9ville, o\u00f9 les carri\u00e8res de calcaire sont c\u00e9l\u00e8bres. Ces mortiers ont \u00e9t\u00e9 appliqu\u00e9s manuellement en suivant les m\u00eames techniques d\u2019application qui ont \u00e9t\u00e9 utilis\u00e9es \u00e0 l\u2019origine. Ils ne sont pas peints. Sa couleur est celle que les agr\u00e9gats ont \u00e9t\u00e9 utilis\u00e9s pour la fabriquer.[\/vc_column_text][vc_empty_space][vc_column_text]<img loading=\"lazy\" decoding=\"async\" class=\"alignnone wp-image-1143 size-full\" src=\"https:\/\/www.casadelascuatrotorres.com\/wp-content\/uploads\/2018\/05\/hotel-casa-de-las-cuatro-torres-nuestra-historia-salon-fragela.jpg\" alt=\"\" width=\"992\" height=\"311\" srcset=\"https:\/\/www.casadelascuatrotorres.com\/wp-content\/uploads\/2018\/05\/hotel-casa-de-las-cuatro-torres-nuestra-historia-salon-fragela.jpg 992w, https:\/\/www.casadelascuatrotorres.com\/wp-content\/uploads\/2018\/05\/hotel-casa-de-las-cuatro-torres-nuestra-historia-salon-fragela-300x94.jpg 300w, https:\/\/www.casadelascuatrotorres.com\/wp-content\/uploads\/2018\/05\/hotel-casa-de-las-cuatro-torres-nuestra-historia-salon-fragela-768x241.jpg 768w, https:\/\/www.casadelascuatrotorres.com\/wp-content\/uploads\/2018\/05\/hotel-casa-de-las-cuatro-torres-nuestra-historia-salon-fragela-700x219.jpg 700w\" sizes=\"auto, (max-width: 992px) 100vw, 992px\" \/>[\/vc_column_text][vc_empty_space][vc_column_text]Dans le salon du rez de chauss\u00e9e, a \u00e9t\u00e9 laiss\u00e9 expos\u00e9 l\u2019arche en pierre ostr\u00e9icole de pr\u00e9cieuse facture qui, pendant des ann\u00e9es jusqu&rsquo;\u00e0 ce qu\u2019il soit d\u00e9couvert dans la restauration, a \u00e9t\u00e9 mur\u00e9 avec des cloisons.<\/p>\n<p>&nbsp;<\/p>\n<p>Toutes les chambres portent le nom de marins illustres du XVIIIe si\u00e8cle qui sont n\u00e9s ou ont pass\u00e9 une partie importante de leurs carri\u00e8res \u00e0 Cadix. Chacune d\u2019elles a laiss\u00e9 un profond h\u00e9ritage dans la ville et dans l\u2019histoire de l\u2019Espagne qui est expliqu\u00e9 dans chaque chambre. Dans chacune d\u2019elles, il y a plus d\u2019\u00e9l\u00e9ments d\u00e9coratifs allusifs au personnage lui-m\u00eame.<\/p>\n<p>&nbsp;<\/p>\n<p>L\u2019affichage des chambres est \u00e9galement artisanale. Un artisan local l\u2019a r\u00e9alis\u00e9 en c\u00e9ramique en utilisant la conception des carreaux qui indiquent les noms des rues de la ville depuis le 18\u00e8me si\u00e8cle.<\/p>\n<p>&nbsp;<\/p>\n<p>Seulement l\u2019appartement \u00abJean-S\u00e9bastien Elcano\u00bb, au rez de chauss\u00e9e, ne correspond pas \u00e0 un marin du XVIIIe si\u00e8cle, car Elcano fut bien connu comme le premier marin qui, en 1522, a termin\u00e9 la premi\u00e8re circumnavigation de la plan\u00e8te.<\/p>\n<p>&nbsp;<\/p>\n<p>Le motif de lui d\u00e9dier une chambre se justifie dans lequel l\u2019espace qu\u2019occupe l\u2019appartement, joint \u00e0 l\u2019actuel salon et l\u2019autre appartement au rez de chauss\u00e9e, ont \u00e9t\u00e9 occup\u00e9s pendant la majeure partie du si\u00e8cle pass\u00e9 par les bureaux de Cadiz de la \u00abSoci\u00e9t\u00e9 Espagnole de\u00a0Construction Navale\u00bb, grand chantier naval qui na\u00eet des transformations successives d\u2019autres plus anciens qu\u2019il y avait dans la ville, comme ce fut le cas de \u00abEchevarrieta et Larrinaga\u00bb, qui en 1927, construit \u00e0 Cadiz dans l\u2019actuel navire-\u00e9cole de la Marine Espagnole.<\/p>\n<p>&nbsp;<\/p>\n<p>Ce voilier, qui fut baptis\u00e9 pr\u00e9cis\u00e9ment avec le nom de \u00abJean-S\u00e9bastien Elcano\u00bb, est aujourd&rsquo;hui un des plus anciens au monde et celui qui a parcouru les plus longs miles (plus de 1,6 million) et il est devenu un symbole de la ville de Cadix, de celui qui agit comme ambassadeur pour toutes les mers du monde.[\/vc_column_text][vc_empty_space height=\u00a0\u00bb50px\u00a0\u00bb]\n\n\t<a href=\"https:\/\/wubook.net\/wbkd\/wbk\/?lcode=1508497695\" target=\"_blank\"  class=\"qode-btn qode-btn-medium qode-btn-simple qode-btn-custom-hover-color button-with-line qode-btn-default-hover\" data-hover-color=\"#a53320\" >\n\t    <span class=\"qode-btn-text\">R\u00e9servez votre s\u00e9jour \u00e0 l\u2019H\u00f4tel Maison des Quatre Tours<\/span>\t<\/a>\n\n[vc_empty_space][vc_column_text]<img loading=\"lazy\" decoding=\"async\" class=\"aligncenter wp-image-547\" src=\"https:\/\/www.casadelascuatrotorres.com\/wp-content\/uploads\/2017\/11\/logotipo.png\" alt=\"\" width=\"290\" height=\"295\" srcset=\"https:\/\/www.casadelascuatrotorres.com\/wp-content\/uploads\/2017\/11\/logotipo.png 402w, https:\/\/www.casadelascuatrotorres.com\/wp-content\/uploads\/2017\/11\/logotipo-295x300.png 295w\" sizes=\"auto, (max-width: 290px) 100vw, 290px\" \/>[\/vc_column_text][vc_empty_space][vc_column_text]<\/p>\n<h2><strong>Cadiz au XVIIIe si\u00e8cle<\/strong><\/h2>\n<p>&nbsp;<\/p>\n<p>De 1717 \u00e0 1765, Cadix profite du monopole des relations commerciales entre l\u2019Europe et l\u2019Am\u00e9rique. Durant cette p\u00e9riode, se trouvait \u00e0 Cadix la \u00abMaison de Commerce\u00bb, qui \u00e9tait l\u2019organisme qui, depuis lors, apr\u00e8s la d\u00e9couverte de l\u2019Am\u00e9rique, r\u00e9gulait tout le commerce avec ce continent. Toute marchandise qui allait ou venait d\u2019Am\u00e9rique devait passer par Cadix.<\/p>\n<p>&nbsp;<\/p>\n<p>C\u2019est \u00e0 cette \u00e9poque, connu comme le \u00absi\u00e8cle d\u2019or du commerce de Cadix\u00bb, lorsque les nombreux \u00abChargeurs Indiens\u00bb s\u2019\u00e9tablirent dans la ville, le nom donn\u00e9 aux hommes d\u2019affaires qui commer\u00e7aient avec l\u2019Am\u00e9rique.<\/p>\n<p>&nbsp;<\/p>\n<p>Gr\u00e2ce \u00e0 l\u2019essor \u00e9conomique de ces ann\u00e9es, Cadix se transforme en une des plus grandes villes d\u2019Espagne &#8211; la cinqui\u00e8me apr\u00e8s Madrid, Barcelone, Valence et S\u00e9ville &#8211; et aussi l\u2019une des plus riches d\u2019Europe.<\/p>\n<p>&nbsp;<\/p>\n<p>Tout au long du 18\u00e8me si\u00e8cle, la population de Cadix passa de 40000 \u00e0 80000 habitants, sans compter la population flottante, qui ajouterait 20000 autres personnes, beaucoup d&rsquo;entre elles vivaient \u00e0 bord des bateaux qui restaient amarr\u00e9s dans la baie.<\/p>\n<p>&nbsp;<\/p>\n<p>La ville eu au cours de ces ann\u00e9es un d\u00e9vouement presque exclusif pour le commerce et l\u2019environnement commercial, il a \u00e9t\u00e9 not\u00e9 dans tous les aspects de la vie sociale. A Cadix, il y avait trois th\u00e9\u00e2tres et plus de 30 caf\u00e9s, qui \u00e9taient des lieux de r\u00e9union et de rencontres litt\u00e9raires. Tout cela a \u00e9t\u00e9 influenc\u00e9 par l\u2019atmosph\u00e8re cosmopolite qui lui donnait la large pr\u00e9sence d\u2019\u00e9trangers, dans l\u2019espace Italien et Fran\u00e7ais, qui supposaient presque dix pour cent de la population et qui amen\u00e8rent, le premier, le go\u00fbt pour l\u2019architecture et pour l\u2019op\u00e9ra, et le second, la diffusion des livres et des id\u00e9es illustr\u00e9es. En plus de cela, il y avait aussi dans la ville des grandes colonies d\u2019Irlandais, Anglais, Portugais ou Hollandais.<\/p>\n<p>&nbsp;<\/p>\n<p>Avec le transfert \u00e0 Cadix de la Maison de Commerce, la ville s\u2019impr\u00e9gna d\u2019un esprit Am\u00e9ricain qui se nota dans le discours, la fa\u00e7on de s\u2019habiller, le folklore, l\u2019alimentation ou la botanique. La ville \u00e9tait le prolongement de l\u2019Am\u00e9rique en Europe&#8230; ses jardins s\u2019ornaient avec des ombus, dragonniers, ficus ou jacarandas&#8230;<\/p>\n<p>&nbsp;<\/p>\n<p>Les maisons des Chargeurs Indiens, avec ses hautes tours d\u2019o\u00f9 l\u2019agitation des bateaux \u00e9tait surveill\u00e9e dans la baie, se multipli\u00e8rent dans la ville, \u00e9troitement li\u00e9es \u00e0 la Maison de Commerce. C\u2019est pourquoi ce type de construction seulement se trouve dans les lieux de l\u2019Atlantique Andalouse pr\u00e8s de ses deux si\u00e8ges historiques, \u00e9tant tr\u00e8s diff\u00e9rente de celles de Cadix des S\u00e9villanaises.[\/vc_column_text][vc_empty_space][vc_column_text]<img loading=\"lazy\" decoding=\"async\" class=\"wp-image-686 size-full aligncenter\" src=\"https:\/\/www.casadelascuatrotorres.com\/wp-content\/uploads\/2018\/03\/hotel-casa-de-las-cuatro-torres-nuestra-historia-03.png\" alt=\"\" width=\"992\" height=\"172\" srcset=\"https:\/\/www.casadelascuatrotorres.com\/wp-content\/uploads\/2018\/03\/hotel-casa-de-las-cuatro-torres-nuestra-historia-03.png 992w, https:\/\/www.casadelascuatrotorres.com\/wp-content\/uploads\/2018\/03\/hotel-casa-de-las-cuatro-torres-nuestra-historia-03-300x52.png 300w, https:\/\/www.casadelascuatrotorres.com\/wp-content\/uploads\/2018\/03\/hotel-casa-de-las-cuatro-torres-nuestra-historia-03-768x133.png 768w, https:\/\/www.casadelascuatrotorres.com\/wp-content\/uploads\/2018\/03\/hotel-casa-de-las-cuatro-torres-nuestra-historia-03-700x121.png 700w\" sizes=\"auto, (max-width: 992px) 100vw, 992px\" \/>[\/vc_column_text][vc_empty_space][vc_column_text]<\/p>\n<h2><strong>Juan Clat Fragela<\/strong><\/h2>\n<p>&nbsp;<\/p>\n<p>Un des ces Chargeurs Indiens, peut-\u00eatre le plus c\u00e9l\u00e8bre, fut le Syrien Jean Clat Secanichi, connu comme \u00abFragela\u00bb, n\u00e9 \u00e0 Damas en 1656. C\u2019\u00e9tait le fils de Lut Fie Clat et d\u2019Augustine Sacachini. Il d\u00e9barqua \u00e0 Cadix en 1683, \u00e0 27 ans.<\/p>\n<p>&nbsp;<\/p>\n<p>Par ses anc\u00eatres familiaux, il \u00e9tait \u00e9troitement li\u00e9 aux Italiens et Grecs install\u00e9s \u00e0 l\u2019est, et il \u00e9tait \u00e0 l\u2019origine engag\u00e9 dans le commerce de tissus.<\/p>\n<p>&nbsp;<\/p>\n<p>Bient\u00f4t il commen\u00e7a \u00e0 s\u2019int\u00e9resser au commerce extra-m\u00e9diterran\u00e9en et d\u00e8s 1709, il \u00e9tait voisin de Cadix, o\u00f9 il avait un commerce de marchandises dans la rue des Flamants et o\u00f9 il \u00e9tait venu vivre attir\u00e9 par les grands \u00e9changes commerciaux qui se produisaient depuis la ville entre l\u2019Espagne Am\u00e9ricaine et l\u2019Europe. En 1725, \u00e2g\u00e9 de 69 ans, il a obtenu la carte de naturalisation Espagnole, ce qui lui a permis de faire du commerce avec le Nouveau Continent. Il v\u00e9cu dans la ville jusqu&rsquo;\u00e0 sa mort le 23 mars 1756, \u00e0 plus de 100 ans.<\/p>\n<p>&nbsp;<\/p>\n<p>Fragela accumula une des plus grosses fortunes de son temps et participa aux affaires dispers\u00e9es dans le monde entier. De son mariage avec Marguerite Nu\u00f1ez Chac\u00f3n, il n\u2019eut pas d\u2019enfants, c\u2019est pourquoi une grande partie de sa fortune, il la destina \u00e0 am\u00e9liorer les conditions de vie des plus d\u00e9favoris\u00e9s.<\/p>\n<p>&nbsp;<\/p>\n<p>Comment homme prosp\u00e8re d\u2019affaires, il gagna rapidement une place de prestige dans la ville, qu\u2019il a favoris\u00e9 avec de grosses sommes d\u2019argent pour la charit\u00e9. Il est all\u00e9 jusqu&rsquo;\u00e0 couvrir le montant total des travaux de la Maison des Veuves et des Orphelins, aujourd&rsquo;hui appel\u00e9e \u00abMaison Fragela\u00bb, qui se trouve sur la place du m\u00eame nom, en face du Th\u00e9\u00e2tre Falla et conjointement \u00e0 la Facult\u00e9 de M\u00e9decine.<\/p>\n<p>&nbsp;<\/p>\n<p>Dans son testament, il a laiss\u00e9 ses associ\u00e9s et ex\u00e9cuteurs testamentaires indiqu\u00e9s: Pablo Capitanichi et Rodolfo Bosichi, d\u2019allouer une somme d\u2019argent importante \u00e0 l\u2019entretien des services de cette maison d\u2019accueil et orphelinat qui a couvert ses frais que longtemps apr\u00e8s sa mort.<\/p>\n<p>&nbsp;<\/p>\n<p>Dans le Mus\u00e9e des Tribunaux, situ\u00e9 dans la rue Ste In\u00e8s, \u00e0 c\u00f4t\u00e9 de l\u2019Oratoire de St Felipe Neri, o\u00f9 la premi\u00e8re constitution Espagnole a \u00e9t\u00e9 promulgu\u00e9, un portrait de Fragela est conserv\u00e9. Dans ce mus\u00e9e, il est digne de visiter la splendide maquette de la ville de 12 x 7 m\u00e8tres, r\u00e9alis\u00e9e en acajou et ivoire sur ordre de Charles III entre 1777 et 1779, dans laquelle il y a aujourd&rsquo;hui le Maison des Quatre Tours.[\/vc_column_text][vc_empty_space][vc_column_text]<img loading=\"lazy\" decoding=\"async\" class=\"wp-image-687 size-full aligncenter\" src=\"https:\/\/www.casadelascuatrotorres.com\/wp-content\/uploads\/2018\/03\/hotel-casa-de-las-cuatro-torres-nuestra-historia-04.png\" alt=\"\" width=\"886\" height=\"249\" srcset=\"https:\/\/www.casadelascuatrotorres.com\/wp-content\/uploads\/2018\/03\/hotel-casa-de-las-cuatro-torres-nuestra-historia-04.png 886w, https:\/\/www.casadelascuatrotorres.com\/wp-content\/uploads\/2018\/03\/hotel-casa-de-las-cuatro-torres-nuestra-historia-04-300x84.png 300w, https:\/\/www.casadelascuatrotorres.com\/wp-content\/uploads\/2018\/03\/hotel-casa-de-las-cuatro-torres-nuestra-historia-04-768x216.png 768w, https:\/\/www.casadelascuatrotorres.com\/wp-content\/uploads\/2018\/03\/hotel-casa-de-las-cuatro-torres-nuestra-historia-04-700x197.png 700w\" sizes=\"auto, (max-width: 886px) 100vw, 886px\" \/>[\/vc_column_text][\/vc_column][vc_column width=\u00a0\u00bb1\/6&Prime;][\/vc_column][\/vc_row][vc_row css_animation=\u00a0\u00bb\u00a0\u00bb row_type=\u00a0\u00bbrow\u00a0\u00bb use_row_as_full_screen_section=\u00a0\u00bbno\u00a0\u00bb type=\u00a0\u00bbfull_width\u00a0\u00bb angled_section=\u00a0\u00bbno\u00a0\u00bb text_align=\u00a0\u00bbleft\u00a0\u00bb background_image_as_pattern=\u00a0\u00bbwithout_pattern\u00a0\u00bb][vc_column][vc_empty_space height=\u00a0\u00bb60px\u00a0\u00bb][\/vc_column][\/vc_row]<\/p>\n<\/div>","protected":false},"excerpt":{"rendered":"<p>[vc_row css_animation=\u00a0\u00bb\u00a0\u00bb row_type=\u00a0\u00bbrow\u00a0\u00bb use_row_as_full_screen_section=\u00a0\u00bbno\u00a0\u00bb type=\u00a0\u00bbfull_width\u00a0\u00bb angled_section=\u00a0\u00bbno\u00a0\u00bb text_align=\u00a0\u00bbcenter\u00a0\u00bb background_image_as_pattern=\u00a0\u00bbwithout_pattern\u00a0\u00bb css=\u00a0\u00bb.vc_custom_1526744245159{padding-top: 16% !important;padding-bottom: 16% !important;background-image: url(https:\/\/www.casadelascuatrotorres.com\/wp-content\/uploads\/2018\/05\/historia-hotel-de-las-cuatro-torres-cadiz-destacada.jpg?id=930) !important;}\u00a0\u00bb z_index=\u00a0\u00bb\u00a0\u00bb][vc_column][vc_column_text] La Casa de las Cuatro Torres [\/vc_column_text][\/vc_column][\/vc_row][vc_row css_animation=\u00a0\u00bb\u00a0\u00bb row_type=\u00a0\u00bbrow\u00a0\u00bb use_row_as_full_screen_section=\u00a0\u00bbno\u00a0\u00bb type=\u00a0\u00bbgrid\u00a0\u00bb angled_section=\u00a0\u00bbno\u00a0\u00bb text_align=\u00a0\u00bbleft\u00a0\u00bb background_image_as_pattern=\u00a0\u00bbwithout_pattern\u00a0\u00bb css=\u00a0\u00bb.vc_custom_1526743006822{padding-top: 70px !important;}\u00a0\u00bb z_index=\u00a0\u00bb\u00a0\u00bb][vc_column width=\u00a0\u00bb1\/6&Prime;][\/vc_column][vc_column width=\u00a0\u00bb2\/3&Prime;][vc_column_text] La Maison des Quatre Tours &nbsp; La Maison des&#8230;<\/p>\n","protected":false},"author":4,"featured_media":0,"parent":0,"menu_order":0,"comment_status":"closed","ping_status":"closed","template":"full_width.php","meta":{"footnotes":""},"class_list":["post-1219","page","type-page","status-publish","hentry"],"yoast_head":"<!-- This site is optimized with the Yoast SEO plugin v25.7 - https:\/\/yoast.com\/wordpress\/plugins\/seo\/ -->\n<title>Histoire de la Casa de las Cuatro Torres - Hotel Casa de las Cuatro Torres<\/title>\n<meta name=\"robots\" content=\"index, follow, max-snippet:-1, max-image-preview:large, max-video-preview:-1\" \/>\n<link rel=\"canonical\" href=\"https:\/\/www.casadelascuatrotorres.com\/fr\/histoire-de-la-casa-de-las-cuatro-torres\/\" \/>\n<meta property=\"og:locale\" content=\"fr_FR\" \/>\n<meta property=\"og:type\" content=\"article\" \/>\n<meta property=\"og:title\" content=\"Histoire de la Casa de las Cuatro Torres - Hotel Casa de las Cuatro Torres\" \/>\n<meta property=\"og:description\" content=\"[vc_row css_animation=\u00a0\u00bb\u00a0\u00bb row_type=\u00a0\u00bbrow\u00a0\u00bb use_row_as_full_screen_section=\u00a0\u00bbno\u00a0\u00bb type=\u00a0\u00bbfull_width\u00a0\u00bb angled_section=\u00a0\u00bbno\u00a0\u00bb text_align=\u00a0\u00bbcenter\u00a0\u00bb background_image_as_pattern=\u00a0\u00bbwithout_pattern\u00a0\u00bb css=\u00a0\u00bb.vc_custom_1526744245159{padding-top: 16% !important;padding-bottom: 16% !important;background-image: url(https:\/\/www.casadelascuatrotorres.com\/wp-content\/uploads\/2018\/05\/historia-hotel-de-las-cuatro-torres-cadiz-destacada.jpg?id=930) !important;}\u00a0\u00bb z_index=\u00a0\u00bb\u00a0\u00bb][vc_column][vc_column_text] La Casa de las Cuatro Torres [\/vc_column_text][\/vc_column][\/vc_row][vc_row css_animation=\u00a0\u00bb\u00a0\u00bb row_type=\u00a0\u00bbrow\u00a0\u00bb use_row_as_full_screen_section=\u00a0\u00bbno\u00a0\u00bb type=\u00a0\u00bbgrid\u00a0\u00bb angled_section=\u00a0\u00bbno\u00a0\u00bb text_align=\u00a0\u00bbleft\u00a0\u00bb background_image_as_pattern=\u00a0\u00bbwithout_pattern\u00a0\u00bb css=\u00a0\u00bb.vc_custom_1526743006822{padding-top: 70px !important;}\u00a0\u00bb z_index=\u00a0\u00bb\u00a0\u00bb][vc_column width=\u00a0\u00bb1\/6&Prime;][\/vc_column][vc_column width=\u00a0\u00bb2\/3&Prime;][vc_column_text] La Maison des Quatre Tours &nbsp; La Maison des...\" \/>\n<meta property=\"og:url\" content=\"https:\/\/www.casadelascuatrotorres.com\/fr\/histoire-de-la-casa-de-las-cuatro-torres\/\" \/>\n<meta property=\"og:site_name\" content=\"Hotel Casa de las Cuatro Torres\" \/>\n<meta property=\"article:publisher\" content=\"https:\/\/www.facebook.com\/CasadelasCuatroTorresHotel\" \/>\n<meta property=\"article:modified_time\" content=\"2018-06-18T13:55:15+00:00\" \/>\n<meta property=\"og:image\" content=\"https:\/\/www.casadelascuatrotorres.com\/wp-content\/uploads\/2018\/03\/hotel-casa-de-las-cuatro-torres-nuestra-historia-05.png\" \/>\n<meta name=\"twitter:label1\" content=\"Dur\u00e9e de lecture estim\u00e9e\" \/>\n\t<meta name=\"twitter:data1\" content=\"12 minutes\" \/>\n<script type=\"application\/ld+json\" class=\"yoast-schema-graph\">{\"@context\":\"https:\/\/schema.org\",\"@graph\":[{\"@type\":\"WebPage\",\"@id\":\"https:\/\/www.casadelascuatrotorres.com\/fr\/histoire-de-la-casa-de-las-cuatro-torres\/\",\"url\":\"https:\/\/www.casadelascuatrotorres.com\/fr\/histoire-de-la-casa-de-las-cuatro-torres\/\",\"name\":\"Histoire de la Casa de las Cuatro Torres - Hotel Casa de las Cuatro Torres\",\"isPartOf\":{\"@id\":\"https:\/\/www.casadelascuatrotorres.com\/#website\"},\"primaryImageOfPage\":{\"@id\":\"https:\/\/www.casadelascuatrotorres.com\/fr\/histoire-de-la-casa-de-las-cuatro-torres\/#primaryimage\"},\"image\":{\"@id\":\"https:\/\/www.casadelascuatrotorres.com\/fr\/histoire-de-la-casa-de-las-cuatro-torres\/#primaryimage\"},\"thumbnailUrl\":\"https:\/\/www.casadelascuatrotorres.com\/wp-content\/uploads\/2018\/03\/hotel-casa-de-las-cuatro-torres-nuestra-historia-05.png\",\"datePublished\":\"2017-08-23T08:20:33+00:00\",\"dateModified\":\"2018-06-18T13:55:15+00:00\",\"breadcrumb\":{\"@id\":\"https:\/\/www.casadelascuatrotorres.com\/fr\/histoire-de-la-casa-de-las-cuatro-torres\/#breadcrumb\"},\"inLanguage\":\"fr-FR\",\"potentialAction\":[{\"@type\":\"ReadAction\",\"target\":[\"https:\/\/www.casadelascuatrotorres.com\/fr\/histoire-de-la-casa-de-las-cuatro-torres\/\"]}]},{\"@type\":\"ImageObject\",\"inLanguage\":\"fr-FR\",\"@id\":\"https:\/\/www.casadelascuatrotorres.com\/fr\/histoire-de-la-casa-de-las-cuatro-torres\/#primaryimage\",\"url\":\"https:\/\/www.casadelascuatrotorres.com\/wp-content\/uploads\/2018\/03\/hotel-casa-de-las-cuatro-torres-nuestra-historia-05.png\",\"contentUrl\":\"https:\/\/www.casadelascuatrotorres.com\/wp-content\/uploads\/2018\/03\/hotel-casa-de-las-cuatro-torres-nuestra-historia-05.png\"},{\"@type\":\"BreadcrumbList\",\"@id\":\"https:\/\/www.casadelascuatrotorres.com\/fr\/histoire-de-la-casa-de-las-cuatro-torres\/#breadcrumb\",\"itemListElement\":[{\"@type\":\"ListItem\",\"position\":1,\"name\":\"Portada\",\"item\":\"https:\/\/www.casadelascuatrotorres.com\/fr\/\"},{\"@type\":\"ListItem\",\"position\":2,\"name\":\"Histoire de la Casa de las Cuatro Torres\"}]},{\"@type\":\"WebSite\",\"@id\":\"https:\/\/www.casadelascuatrotorres.com\/#website\",\"url\":\"https:\/\/www.casadelascuatrotorres.com\/\",\"name\":\"Hotel Casa de las Cuatro Torres\",\"description\":\"Hotel Boutique en el centro de C\u00e1diz\",\"potentialAction\":[{\"@type\":\"SearchAction\",\"target\":{\"@type\":\"EntryPoint\",\"urlTemplate\":\"https:\/\/www.casadelascuatrotorres.com\/?s={search_term_string}\"},\"query-input\":{\"@type\":\"PropertyValueSpecification\",\"valueRequired\":true,\"valueName\":\"search_term_string\"}}],\"inLanguage\":\"fr-FR\"}]}<\/script>\n<!-- \/ Yoast SEO plugin. -->","yoast_head_json":{"title":"Histoire de la Casa de las Cuatro Torres - Hotel Casa de las Cuatro Torres","robots":{"index":"index","follow":"follow","max-snippet":"max-snippet:-1","max-image-preview":"max-image-preview:large","max-video-preview":"max-video-preview:-1"},"canonical":"https:\/\/www.casadelascuatrotorres.com\/fr\/histoire-de-la-casa-de-las-cuatro-torres\/","og_locale":"fr_FR","og_type":"article","og_title":"Histoire de la Casa de las Cuatro Torres - Hotel Casa de las Cuatro Torres","og_description":"[vc_row css_animation=\u00a0\u00bb\u00a0\u00bb row_type=\u00a0\u00bbrow\u00a0\u00bb use_row_as_full_screen_section=\u00a0\u00bbno\u00a0\u00bb type=\u00a0\u00bbfull_width\u00a0\u00bb angled_section=\u00a0\u00bbno\u00a0\u00bb text_align=\u00a0\u00bbcenter\u00a0\u00bb background_image_as_pattern=\u00a0\u00bbwithout_pattern\u00a0\u00bb css=\u00a0\u00bb.vc_custom_1526744245159{padding-top: 16% !important;padding-bottom: 16% !important;background-image: url(https:\/\/www.casadelascuatrotorres.com\/wp-content\/uploads\/2018\/05\/historia-hotel-de-las-cuatro-torres-cadiz-destacada.jpg?id=930) !important;}\u00a0\u00bb z_index=\u00a0\u00bb\u00a0\u00bb][vc_column][vc_column_text] La Casa de las Cuatro Torres [\/vc_column_text][\/vc_column][\/vc_row][vc_row css_animation=\u00a0\u00bb\u00a0\u00bb row_type=\u00a0\u00bbrow\u00a0\u00bb use_row_as_full_screen_section=\u00a0\u00bbno\u00a0\u00bb type=\u00a0\u00bbgrid\u00a0\u00bb angled_section=\u00a0\u00bbno\u00a0\u00bb text_align=\u00a0\u00bbleft\u00a0\u00bb background_image_as_pattern=\u00a0\u00bbwithout_pattern\u00a0\u00bb css=\u00a0\u00bb.vc_custom_1526743006822{padding-top: 70px !important;}\u00a0\u00bb z_index=\u00a0\u00bb\u00a0\u00bb][vc_column width=\u00a0\u00bb1\/6&Prime;][\/vc_column][vc_column width=\u00a0\u00bb2\/3&Prime;][vc_column_text] La Maison des Quatre Tours &nbsp; La Maison des...","og_url":"https:\/\/www.casadelascuatrotorres.com\/fr\/histoire-de-la-casa-de-las-cuatro-torres\/","og_site_name":"Hotel Casa de las Cuatro Torres","article_publisher":"https:\/\/www.facebook.com\/CasadelasCuatroTorresHotel","article_modified_time":"2018-06-18T13:55:15+00:00","og_image":[{"url":"https:\/\/www.casadelascuatrotorres.com\/wp-content\/uploads\/2018\/03\/hotel-casa-de-las-cuatro-torres-nuestra-historia-05.png","type":"","width":"","height":""}],"twitter_misc":{"Dur\u00e9e de lecture estim\u00e9e":"12 minutes"},"schema":{"@context":"https:\/\/schema.org","@graph":[{"@type":"WebPage","@id":"https:\/\/www.casadelascuatrotorres.com\/fr\/histoire-de-la-casa-de-las-cuatro-torres\/","url":"https:\/\/www.casadelascuatrotorres.com\/fr\/histoire-de-la-casa-de-las-cuatro-torres\/","name":"Histoire de la Casa de las Cuatro Torres - Hotel Casa de las Cuatro Torres","isPartOf":{"@id":"https:\/\/www.casadelascuatrotorres.com\/#website"},"primaryImageOfPage":{"@id":"https:\/\/www.casadelascuatrotorres.com\/fr\/histoire-de-la-casa-de-las-cuatro-torres\/#primaryimage"},"image":{"@id":"https:\/\/www.casadelascuatrotorres.com\/fr\/histoire-de-la-casa-de-las-cuatro-torres\/#primaryimage"},"thumbnailUrl":"https:\/\/www.casadelascuatrotorres.com\/wp-content\/uploads\/2018\/03\/hotel-casa-de-las-cuatro-torres-nuestra-historia-05.png","datePublished":"2017-08-23T08:20:33+00:00","dateModified":"2018-06-18T13:55:15+00:00","breadcrumb":{"@id":"https:\/\/www.casadelascuatrotorres.com\/fr\/histoire-de-la-casa-de-las-cuatro-torres\/#breadcrumb"},"inLanguage":"fr-FR","potentialAction":[{"@type":"ReadAction","target":["https:\/\/www.casadelascuatrotorres.com\/fr\/histoire-de-la-casa-de-las-cuatro-torres\/"]}]},{"@type":"ImageObject","inLanguage":"fr-FR","@id":"https:\/\/www.casadelascuatrotorres.com\/fr\/histoire-de-la-casa-de-las-cuatro-torres\/#primaryimage","url":"https:\/\/www.casadelascuatrotorres.com\/wp-content\/uploads\/2018\/03\/hotel-casa-de-las-cuatro-torres-nuestra-historia-05.png","contentUrl":"https:\/\/www.casadelascuatrotorres.com\/wp-content\/uploads\/2018\/03\/hotel-casa-de-las-cuatro-torres-nuestra-historia-05.png"},{"@type":"BreadcrumbList","@id":"https:\/\/www.casadelascuatrotorres.com\/fr\/histoire-de-la-casa-de-las-cuatro-torres\/#breadcrumb","itemListElement":[{"@type":"ListItem","position":1,"name":"Portada","item":"https:\/\/www.casadelascuatrotorres.com\/fr\/"},{"@type":"ListItem","position":2,"name":"Histoire de la Casa de las Cuatro Torres"}]},{"@type":"WebSite","@id":"https:\/\/www.casadelascuatrotorres.com\/#website","url":"https:\/\/www.casadelascuatrotorres.com\/","name":"Hotel Casa de las Cuatro Torres","description":"Hotel Boutique en el centro de C\u00e1diz","potentialAction":[{"@type":"SearchAction","target":{"@type":"EntryPoint","urlTemplate":"https:\/\/www.casadelascuatrotorres.com\/?s={search_term_string}"},"query-input":{"@type":"PropertyValueSpecification","valueRequired":true,"valueName":"search_term_string"}}],"inLanguage":"fr-FR"}]}},"_links":{"self":[{"href":"https:\/\/www.casadelascuatrotorres.com\/fr\/wp-json\/wp\/v2\/pages\/1219\/"}],"collection":[{"href":"https:\/\/www.casadelascuatrotorres.com\/fr\/wp-json\/wp\/v2\/pages\/"}],"about":[{"href":"https:\/\/www.casadelascuatrotorres.com\/fr\/wp-json\/wp\/v2\/types\/page\/"}],"author":[{"embeddable":true,"href":"https:\/\/www.casadelascuatrotorres.com\/fr\/wp-json\/wp\/v2\/users\/4\/"}],"replies":[{"embeddable":true,"href":"https:\/\/www.casadelascuatrotorres.com\/fr\/wp-json\/wp\/v2\/comments\/?post=1219"}],"version-history":[{"count":0,"href":"https:\/\/www.casadelascuatrotorres.com\/fr\/wp-json\/wp\/v2\/pages\/1219\/revisions\/"}],"wp:attachment":[{"href":"https:\/\/www.casadelascuatrotorres.com\/fr\/wp-json\/wp\/v2\/media\/?parent=1219"}],"curies":[{"name":"wp","href":"https:\/\/api.w.org\/{rel}","templated":true}]}}