{"id":1228,"date":"2018-01-12T15:42:51","date_gmt":"2018-01-12T15:42:51","guid":{"rendered":"https:\/\/www.casadelascuatrotorres.com\/eventos\/"},"modified":"2018-06-19T14:41:37","modified_gmt":"2018-06-19T13:41:37","slug":"evenements","status":"publish","type":"page","link":"https:\/\/www.casadelascuatrotorres.com\/fr\/evenements\/","title":{"rendered":"\u00c9v\u00e9nements"},"content":{"rendered":"<div class=\"wpb-content-wrapper\"><p>[vc_row css_animation=\u00a0\u00bb\u00a0\u00bb row_type=\u00a0\u00bbrow\u00a0\u00bb use_row_as_full_screen_section=\u00a0\u00bbno\u00a0\u00bb type=\u00a0\u00bbfull_width\u00a0\u00bb angled_section=\u00a0\u00bbno\u00a0\u00bb text_align=\u00a0\u00bbcenter\u00a0\u00bb background_image_as_pattern=\u00a0\u00bbwithout_pattern\u00a0\u00bb css=\u00a0\u00bb.vc_custom_1526745554181{padding-top: 16% !important;padding-bottom: 16% !important;background-image: url(https:\/\/www.casadelascuatrotorres.com\/wp-content\/uploads\/2018\/05\/eventos-hotel-de-las-cuatro-torres-cadiz.jpg?id=940) !important;}\u00a0\u00bb z_index=\u00a0\u00bb\u00a0\u00bb][vc_column][vc_column_text]<\/p>\n<h1 style=\"text-align: center;\"><span style=\"color: #ffffff;\">\u00c9v\u00e9nements<\/span><\/h1>\n<p>[\/vc_column_text][\/vc_column][\/vc_row][vc_row css_animation=\u00a0\u00bb\u00a0\u00bb row_type=\u00a0\u00bbrow\u00a0\u00bb use_row_as_full_screen_section=\u00a0\u00bbno\u00a0\u00bb type=\u00a0\u00bbgrid\u00a0\u00bb angled_section=\u00a0\u00bbno\u00a0\u00bb text_align=\u00a0\u00bbcenter\u00a0\u00bb background_image_as_pattern=\u00a0\u00bbwithout_pattern\u00a0\u00bb z_index=\u00a0\u00bb\u00a0\u00bb css=\u00a0\u00bb.vc_custom_1526677321175{padding-top: 70px !important;background-image: url(https:\/\/www.casadelascuatrotorres.com\/wp-content\/uploads\/2018\/05\/background-lines.png?id=719) !important;}\u00a0\u00bb el_class=\u00a0\u00bbno-bckg-img-ipad\u00a0\u00bb][vc_column width=\u00a0\u00bb1\/6&Prime;][\/vc_column][vc_column width=\u00a0\u00bb2\/3&Prime;][vc_column_text]<\/p>\n<h2>Organisez votre \u00e9v\u00e9nement avec nous<\/h2>\n<p>[\/vc_column_text][vc_empty_space height=\u00a0\u00bb24px\u00a0\u00bb][vc_column_text]Nous disposons d\u2019espaces adapt\u00e9s pour vos pr\u00e9sentations, jours de travail, conf\u00e9rences&#8230; Profitez de nos salons, la terrasse sur le toit ou l\u2019incomparable tour de guet.[\/vc_column_text][vc_empty_space height=\u00a0\u00bb24px\u00a0\u00bb]\n\n\t<a href=\"\/fr\/contact\" target=\"_self\" style=\"font-size: 16px;font-weight: 700;text-transform: none;font-style: normal\" class=\"qode-btn qode-btn-medium qode-btn-simple qode-btn-custom-hover-color button-with-line qode-btn-default-hover\" data-hover-color=\"#a53320\" >\n\t    <span class=\"qode-btn-text\">Contactez-nous<\/span>\t<\/a>\n\n[vc_empty_space height=\u00a0\u00bb60px\u00a0\u00bb][\/vc_column][vc_column width=\u00a0\u00bb1\/6&Prime;][\/vc_column][\/vc_row][vc_row css_animation=\u00a0\u00bb\u00a0\u00bb row_type=\u00a0\u00bbrow\u00a0\u00bb use_row_as_full_screen_section=\u00a0\u00bbno\u00a0\u00bb type=\u00a0\u00bbgrid\u00a0\u00bb angled_section=\u00a0\u00bbno\u00a0\u00bb text_align=\u00a0\u00bbleft\u00a0\u00bb background_image_as_pattern=\u00a0\u00bbwithout_pattern\u00a0\u00bb z_index=\u00a0\u00bb\u00a0\u00bb css=\u00a0\u00bb.vc_custom_1526745301093{padding-top: 50px !important;background-image: url(https:\/\/www.casadelascuatrotorres.com\/wp-content\/uploads\/2018\/05\/background-lines.png?id=719) !important;}\u00a0\u00bb el_class=\u00a0\u00bbimages-hover no-bckg-img-ipad\u00a0\u00bb][vc_column width=\u00a0\u00bb1\/2&Prime; offset=\u00a0\u00bbvc_col-lg-3 vc_col-md-6&Prime;][vc_single_image image=\u00a0\u00bb1054&Prime; img_size=\u00a0\u00bbfull\u00a0\u00bb qode_css_animation=\u00a0\u00bb\u00a0\u00bb][vc_empty_space height=\u00a0\u00bb30px\u00a0\u00bb][vc_column_text]<\/p>\n<h5>Salon Fragela<\/h5>\n<p>[\/vc_column_text][vc_empty_space height=\u00a0\u00bb10px\u00a0\u00bb][qode_elements_holder number_of_columns=\u00a0\u00bbone_column\u00a0\u00bb][qode_elements_holder_item item_padding=\u00a0\u00bb0 70px 0 0&Prime; advanced_animations=\u00a0\u00bbno\u00a0\u00bb][vc_column_text]D\u00e9jeuners ou d\u00eeners organis\u00e9s dans le salon Fragela d\u2019une capacit\u00e9 de 24 personnes en table imp\u00e9riale.[\/vc_column_text][\/qode_elements_holder_item][\/qode_elements_holder][vc_empty_space height=\u00a0\u00bb50px\u00a0\u00bb][\/vc_column][vc_column width=\u00a0\u00bb1\/2&Prime; offset=\u00a0\u00bbvc_col-lg-3 vc_col-md-6&Prime;][vc_single_image image=\u00a0\u00bb1052&Prime; img_size=\u00a0\u00bbfull\u00a0\u00bb qode_css_animation=\u00a0\u00bb\u00a0\u00bb][vc_empty_space height=\u00a0\u00bb30px\u00a0\u00bb][vc_column_text]<\/p>\n<h5>Salle de travail<\/h5>\n<p>[\/vc_column_text][vc_empty_space height=\u00a0\u00bb10px\u00a0\u00bb][qode_elements_holder number_of_columns=\u00a0\u00bbone_column\u00a0\u00bb][qode_elements_holder_item item_padding=\u00a0\u00bb0 70px 0 0&Prime; advanced_animations=\u00a0\u00bbno\u00a0\u00bb][vc_column_text]Salle de travail avec une capacit\u00e9 pour 30 personnes.[\/vc_column_text][\/qode_elements_holder_item][\/qode_elements_holder][vc_empty_space height=\u00a0\u00bb50px\u00a0\u00bb][\/vc_column][vc_column width=\u00a0\u00bb1\/2&Prime; offset=\u00a0\u00bbvc_col-lg-3 vc_col-md-6&Prime;][vc_single_image image=\u00a0\u00bb1053&Prime; img_size=\u00a0\u00bbfull\u00a0\u00bb qode_css_animation=\u00a0\u00bb\u00a0\u00bb][vc_empty_space height=\u00a0\u00bb30px\u00a0\u00bb][vc_column_text]<\/p>\n<h5>Conf\u00e9rences<\/h5>\n<p>[\/vc_column_text][vc_empty_space height=\u00a0\u00bb10px\u00a0\u00bb][qode_elements_holder number_of_columns=\u00a0\u00bbone_column\u00a0\u00bb][qode_elements_holder_item item_padding=\u00a0\u00bb0 70px 0 0&Prime; advanced_animations=\u00a0\u00bbno\u00a0\u00bb][vc_column_text]Espaces de conf\u00e9rences et pr\u00e9sentations pour 40 personnes.[\/vc_column_text][\/qode_elements_holder_item][\/qode_elements_holder][vc_empty_space height=\u00a0\u00bb50px\u00a0\u00bb][\/vc_column][vc_column width=\u00a0\u00bb1\/2&Prime; offset=\u00a0\u00bbvc_col-lg-3 vc_col-md-6&Prime;][vc_single_image image=\u00a0\u00bb945&Prime; img_size=\u00a0\u00bbfull\u00a0\u00bb qode_css_animation=\u00a0\u00bb\u00a0\u00bb][vc_empty_space height=\u00a0\u00bb30px\u00a0\u00bb][vc_column_text]<\/p>\n<h5>Tour de guet<\/h5>\n<p>[\/vc_column_text][vc_empty_space height=\u00a0\u00bb10px\u00a0\u00bb][qode_elements_holder number_of_columns=\u00a0\u00bbone_column\u00a0\u00bb][qode_elements_holder_item item_padding=\u00a0\u00bb0 70px 0 0&Prime; advanced_animations=\u00a0\u00bbno\u00a0\u00bb][vc_column_text]Ev\u00e8nements sur la terrasse et la tour de guet. Un lieu exclusif dans le centre de Cadix, avec vue sur toute la ville et la baie.[\/vc_column_text][\/qode_elements_holder_item][\/qode_elements_holder][vc_empty_space height=\u00a0\u00bb50px\u00a0\u00bb][\/vc_column][\/vc_row][vc_row css_animation=\u00a0\u00bb\u00a0\u00bb row_type=\u00a0\u00bbrow\u00a0\u00bb use_row_as_full_screen_section=\u00a0\u00bbno\u00a0\u00bb type=\u00a0\u00bbfull_width\u00a0\u00bb angled_section=\u00a0\u00bbno\u00a0\u00bb text_align=\u00a0\u00bbcenter\u00a0\u00bb background_image_as_pattern=\u00a0\u00bbwithout_pattern\u00a0\u00bb z_index=\u00a0\u00bb\u00a0\u00bb css=\u00a0\u00bb.vc_custom_1526746490548{background-image: url(https:\/\/www.casadelascuatrotorres.com\/wp-content\/uploads\/2018\/05\/background-lines.png?id=719) !important;}\u00a0\u00bb][vc_column]\n\n\t<a href=\"\/fr\/galerie\/\" target=\"_self\" style=\"font-size: 16px;font-weight: 700;text-transform: none;font-style: normal\" class=\"qode-btn qode-btn-medium qode-btn-simple qode-btn-custom-hover-color button-with-line qode-btn-default-hover\" data-hover-color=\"#a53320\" >\n\t    <span class=\"qode-btn-text\">Voir galerie de photos<\/span>\t<\/a>\n\n[vc_empty_space height=\u00a0\u00bb60px\u00a0\u00bb][\/vc_column][\/vc_row]<\/p>\n<\/div>","protected":false},"excerpt":{"rendered":"<p>[vc_row css_animation=\u00a0\u00bb\u00a0\u00bb row_type=\u00a0\u00bbrow\u00a0\u00bb use_row_as_full_screen_section=\u00a0\u00bbno\u00a0\u00bb type=\u00a0\u00bbfull_width\u00a0\u00bb angled_section=\u00a0\u00bbno\u00a0\u00bb text_align=\u00a0\u00bbcenter\u00a0\u00bb background_image_as_pattern=\u00a0\u00bbwithout_pattern\u00a0\u00bb css=\u00a0\u00bb.vc_custom_1526745554181{padding-top: 16% !important;padding-bottom: 16% !important;background-image: url(https:\/\/www.casadelascuatrotorres.com\/wp-content\/uploads\/2018\/05\/eventos-hotel-de-las-cuatro-torres-cadiz.jpg?id=940) !important;}\u00a0\u00bb z_index=\u00a0\u00bb\u00a0\u00bb][vc_column][vc_column_text] \u00c9v\u00e9nements [\/vc_column_text][\/vc_column][\/vc_row][vc_row css_animation=\u00a0\u00bb\u00a0\u00bb row_type=\u00a0\u00bbrow\u00a0\u00bb use_row_as_full_screen_section=\u00a0\u00bbno\u00a0\u00bb type=\u00a0\u00bbgrid\u00a0\u00bb angled_section=\u00a0\u00bbno\u00a0\u00bb text_align=\u00a0\u00bbcenter\u00a0\u00bb background_image_as_pattern=\u00a0\u00bbwithout_pattern\u00a0\u00bb z_index=\u00a0\u00bb\u00a0\u00bb css=\u00a0\u00bb.vc_custom_1526677321175{padding-top: 70px !important;background-image: url(https:\/\/www.casadelascuatrotorres.com\/wp-content\/uploads\/2018\/05\/background-lines.png?id=719) !important;}\u00a0\u00bb el_class=\u00a0\u00bbno-bckg-img-ipad\u00a0\u00bb][vc_column width=\u00a0\u00bb1\/6&Prime;][\/vc_column][vc_column width=\u00a0\u00bb2\/3&Prime;][vc_column_text] Organisez votre \u00e9v\u00e9nement avec nous [\/vc_column_text][vc_empty_space height=\u00a0\u00bb24px\u00a0\u00bb][vc_column_text]Nous disposons d\u2019espaces adapt\u00e9s pour&#8230;<\/p>\n","protected":false},"author":4,"featured_media":0,"parent":0,"menu_order":0,"comment_status":"closed","ping_status":"closed","template":"full_width.php","meta":{"footnotes":""},"class_list":["post-1228","page","type-page","status-publish","hentry"],"yoast_head":"<!-- This site is optimized with the Yoast SEO plugin v25.7 - https:\/\/yoast.com\/wordpress\/plugins\/seo\/ -->\n<title>\u00c9v\u00e9nements - Hotel Casa de las Cuatro Torres<\/title>\n<meta name=\"robots\" content=\"index, follow, max-snippet:-1, max-image-preview:large, max-video-preview:-1\" \/>\n<link rel=\"canonical\" href=\"https:\/\/www.casadelascuatrotorres.com\/fr\/evenements\/\" \/>\n<meta property=\"og:locale\" content=\"fr_FR\" \/>\n<meta property=\"og:type\" content=\"article\" \/>\n<meta property=\"og:title\" content=\"\u00c9v\u00e9nements - Hotel Casa de las Cuatro Torres\" \/>\n<meta property=\"og:description\" content=\"[vc_row css_animation=\u00a0\u00bb\u00a0\u00bb row_type=\u00a0\u00bbrow\u00a0\u00bb use_row_as_full_screen_section=\u00a0\u00bbno\u00a0\u00bb type=\u00a0\u00bbfull_width\u00a0\u00bb angled_section=\u00a0\u00bbno\u00a0\u00bb text_align=\u00a0\u00bbcenter\u00a0\u00bb background_image_as_pattern=\u00a0\u00bbwithout_pattern\u00a0\u00bb css=\u00a0\u00bb.vc_custom_1526745554181{padding-top: 16% !important;padding-bottom: 16% !important;background-image: url(https:\/\/www.casadelascuatrotorres.com\/wp-content\/uploads\/2018\/05\/eventos-hotel-de-las-cuatro-torres-cadiz.jpg?id=940) !important;}\u00a0\u00bb z_index=\u00a0\u00bb\u00a0\u00bb][vc_column][vc_column_text] \u00c9v\u00e9nements [\/vc_column_text][\/vc_column][\/vc_row][vc_row css_animation=\u00a0\u00bb\u00a0\u00bb row_type=\u00a0\u00bbrow\u00a0\u00bb use_row_as_full_screen_section=\u00a0\u00bbno\u00a0\u00bb type=\u00a0\u00bbgrid\u00a0\u00bb angled_section=\u00a0\u00bbno\u00a0\u00bb text_align=\u00a0\u00bbcenter\u00a0\u00bb background_image_as_pattern=\u00a0\u00bbwithout_pattern\u00a0\u00bb z_index=\u00a0\u00bb\u00a0\u00bb css=\u00a0\u00bb.vc_custom_1526677321175{padding-top: 70px !important;background-image: url(https:\/\/www.casadelascuatrotorres.com\/wp-content\/uploads\/2018\/05\/background-lines.png?id=719) !important;}\u00a0\u00bb el_class=\u00a0\u00bbno-bckg-img-ipad\u00a0\u00bb][vc_column width=\u00a0\u00bb1\/6&Prime;][\/vc_column][vc_column width=\u00a0\u00bb2\/3&Prime;][vc_column_text] Organisez votre \u00e9v\u00e9nement avec nous [\/vc_column_text][vc_empty_space height=\u00a0\u00bb24px\u00a0\u00bb][vc_column_text]Nous disposons d\u2019espaces adapt\u00e9s pour...\" \/>\n<meta property=\"og:url\" content=\"https:\/\/www.casadelascuatrotorres.com\/fr\/evenements\/\" \/>\n<meta property=\"og:site_name\" content=\"Hotel Casa de las Cuatro Torres\" \/>\n<meta property=\"article:publisher\" content=\"https:\/\/www.facebook.com\/CasadelasCuatroTorresHotel\" \/>\n<meta property=\"article:modified_time\" content=\"2018-06-19T13:41:37+00:00\" \/>\n<meta property=\"og:image\" content=\"https:\/\/www.casadelascuatrotorres.com\/wp-content\/uploads\/2017\/11\/logotipo.png\" \/>\n\t<meta property=\"og:image:width\" content=\"402\" \/>\n\t<meta property=\"og:image:height\" content=\"409\" \/>\n\t<meta property=\"og:image:type\" content=\"image\/png\" \/>\n<meta name=\"twitter:label1\" content=\"Dur\u00e9e de lecture estim\u00e9e\" \/>\n\t<meta name=\"twitter:data1\" content=\"4 minutes\" \/>\n<script type=\"application\/ld+json\" class=\"yoast-schema-graph\">{\"@context\":\"https:\/\/schema.org\",\"@graph\":[{\"@type\":\"WebPage\",\"@id\":\"https:\/\/www.casadelascuatrotorres.com\/fr\/evenements\/\",\"url\":\"https:\/\/www.casadelascuatrotorres.com\/fr\/evenements\/\",\"name\":\"\u00c9v\u00e9nements - Hotel Casa de las Cuatro Torres\",\"isPartOf\":{\"@id\":\"https:\/\/www.casadelascuatrotorres.com\/#website\"},\"datePublished\":\"2018-01-12T15:42:51+00:00\",\"dateModified\":\"2018-06-19T13:41:37+00:00\",\"breadcrumb\":{\"@id\":\"https:\/\/www.casadelascuatrotorres.com\/fr\/evenements\/#breadcrumb\"},\"inLanguage\":\"fr-FR\",\"potentialAction\":[{\"@type\":\"ReadAction\",\"target\":[\"https:\/\/www.casadelascuatrotorres.com\/fr\/evenements\/\"]}]},{\"@type\":\"BreadcrumbList\",\"@id\":\"https:\/\/www.casadelascuatrotorres.com\/fr\/evenements\/#breadcrumb\",\"itemListElement\":[{\"@type\":\"ListItem\",\"position\":1,\"name\":\"Portada\",\"item\":\"https:\/\/www.casadelascuatrotorres.com\/fr\/\"},{\"@type\":\"ListItem\",\"position\":2,\"name\":\"\u00c9v\u00e9nements\"}]},{\"@type\":\"WebSite\",\"@id\":\"https:\/\/www.casadelascuatrotorres.com\/#website\",\"url\":\"https:\/\/www.casadelascuatrotorres.com\/\",\"name\":\"Hotel Casa de las Cuatro Torres\",\"description\":\"Hotel Boutique en el centro de C\u00e1diz\",\"potentialAction\":[{\"@type\":\"SearchAction\",\"target\":{\"@type\":\"EntryPoint\",\"urlTemplate\":\"https:\/\/www.casadelascuatrotorres.com\/?s={search_term_string}\"},\"query-input\":{\"@type\":\"PropertyValueSpecification\",\"valueRequired\":true,\"valueName\":\"search_term_string\"}}],\"inLanguage\":\"fr-FR\"}]}<\/script>\n<!-- \/ Yoast SEO plugin. -->","yoast_head_json":{"title":"\u00c9v\u00e9nements - Hotel Casa de las Cuatro Torres","robots":{"index":"index","follow":"follow","max-snippet":"max-snippet:-1","max-image-preview":"max-image-preview:large","max-video-preview":"max-video-preview:-1"},"canonical":"https:\/\/www.casadelascuatrotorres.com\/fr\/evenements\/","og_locale":"fr_FR","og_type":"article","og_title":"\u00c9v\u00e9nements - Hotel Casa de las Cuatro Torres","og_description":"[vc_row css_animation=\u00a0\u00bb\u00a0\u00bb row_type=\u00a0\u00bbrow\u00a0\u00bb use_row_as_full_screen_section=\u00a0\u00bbno\u00a0\u00bb type=\u00a0\u00bbfull_width\u00a0\u00bb angled_section=\u00a0\u00bbno\u00a0\u00bb text_align=\u00a0\u00bbcenter\u00a0\u00bb background_image_as_pattern=\u00a0\u00bbwithout_pattern\u00a0\u00bb css=\u00a0\u00bb.vc_custom_1526745554181{padding-top: 16% !important;padding-bottom: 16% !important;background-image: url(https:\/\/www.casadelascuatrotorres.com\/wp-content\/uploads\/2018\/05\/eventos-hotel-de-las-cuatro-torres-cadiz.jpg?id=940) !important;}\u00a0\u00bb z_index=\u00a0\u00bb\u00a0\u00bb][vc_column][vc_column_text] \u00c9v\u00e9nements [\/vc_column_text][\/vc_column][\/vc_row][vc_row css_animation=\u00a0\u00bb\u00a0\u00bb row_type=\u00a0\u00bbrow\u00a0\u00bb use_row_as_full_screen_section=\u00a0\u00bbno\u00a0\u00bb type=\u00a0\u00bbgrid\u00a0\u00bb angled_section=\u00a0\u00bbno\u00a0\u00bb text_align=\u00a0\u00bbcenter\u00a0\u00bb background_image_as_pattern=\u00a0\u00bbwithout_pattern\u00a0\u00bb z_index=\u00a0\u00bb\u00a0\u00bb css=\u00a0\u00bb.vc_custom_1526677321175{padding-top: 70px !important;background-image: url(https:\/\/www.casadelascuatrotorres.com\/wp-content\/uploads\/2018\/05\/background-lines.png?id=719) !important;}\u00a0\u00bb el_class=\u00a0\u00bbno-bckg-img-ipad\u00a0\u00bb][vc_column width=\u00a0\u00bb1\/6&Prime;][\/vc_column][vc_column width=\u00a0\u00bb2\/3&Prime;][vc_column_text] Organisez votre \u00e9v\u00e9nement avec nous [\/vc_column_text][vc_empty_space height=\u00a0\u00bb24px\u00a0\u00bb][vc_column_text]Nous disposons d\u2019espaces adapt\u00e9s pour...","og_url":"https:\/\/www.casadelascuatrotorres.com\/fr\/evenements\/","og_site_name":"Hotel Casa de las Cuatro Torres","article_publisher":"https:\/\/www.facebook.com\/CasadelasCuatroTorresHotel","article_modified_time":"2018-06-19T13:41:37+00:00","og_image":[{"width":402,"height":409,"url":"https:\/\/www.casadelascuatrotorres.com\/wp-content\/uploads\/2017\/11\/logotipo.png","type":"image\/png"}],"twitter_misc":{"Dur\u00e9e de lecture estim\u00e9e":"4 minutes"},"schema":{"@context":"https:\/\/schema.org","@graph":[{"@type":"WebPage","@id":"https:\/\/www.casadelascuatrotorres.com\/fr\/evenements\/","url":"https:\/\/www.casadelascuatrotorres.com\/fr\/evenements\/","name":"\u00c9v\u00e9nements - Hotel Casa de las Cuatro Torres","isPartOf":{"@id":"https:\/\/www.casadelascuatrotorres.com\/#website"},"datePublished":"2018-01-12T15:42:51+00:00","dateModified":"2018-06-19T13:41:37+00:00","breadcrumb":{"@id":"https:\/\/www.casadelascuatrotorres.com\/fr\/evenements\/#breadcrumb"},"inLanguage":"fr-FR","potentialAction":[{"@type":"ReadAction","target":["https:\/\/www.casadelascuatrotorres.com\/fr\/evenements\/"]}]},{"@type":"BreadcrumbList","@id":"https:\/\/www.casadelascuatrotorres.com\/fr\/evenements\/#breadcrumb","itemListElement":[{"@type":"ListItem","position":1,"name":"Portada","item":"https:\/\/www.casadelascuatrotorres.com\/fr\/"},{"@type":"ListItem","position":2,"name":"\u00c9v\u00e9nements"}]},{"@type":"WebSite","@id":"https:\/\/www.casadelascuatrotorres.com\/#website","url":"https:\/\/www.casadelascuatrotorres.com\/","name":"Hotel Casa de las Cuatro Torres","description":"Hotel Boutique en el centro de C\u00e1diz","potentialAction":[{"@type":"SearchAction","target":{"@type":"EntryPoint","urlTemplate":"https:\/\/www.casadelascuatrotorres.com\/?s={search_term_string}"},"query-input":{"@type":"PropertyValueSpecification","valueRequired":true,"valueName":"search_term_string"}}],"inLanguage":"fr-FR"}]}},"_links":{"self":[{"href":"https:\/\/www.casadelascuatrotorres.com\/fr\/wp-json\/wp\/v2\/pages\/1228\/"}],"collection":[{"href":"https:\/\/www.casadelascuatrotorres.com\/fr\/wp-json\/wp\/v2\/pages\/"}],"about":[{"href":"https:\/\/www.casadelascuatrotorres.com\/fr\/wp-json\/wp\/v2\/types\/page\/"}],"author":[{"embeddable":true,"href":"https:\/\/www.casadelascuatrotorres.com\/fr\/wp-json\/wp\/v2\/users\/4\/"}],"replies":[{"embeddable":true,"href":"https:\/\/www.casadelascuatrotorres.com\/fr\/wp-json\/wp\/v2\/comments\/?post=1228"}],"version-history":[{"count":0,"href":"https:\/\/www.casadelascuatrotorres.com\/fr\/wp-json\/wp\/v2\/pages\/1228\/revisions\/"}],"wp:attachment":[{"href":"https:\/\/www.casadelascuatrotorres.com\/fr\/wp-json\/wp\/v2\/media\/?parent=1228"}],"curies":[{"name":"wp","href":"https:\/\/api.w.org\/{rel}","templated":true}]}}